{"id":866,"date":"2026-04-26T12:43:38","date_gmt":"2026-04-26T15:43:38","guid":{"rendered":"https:\/\/cestaagroecologica.com.br\/?page_id=866"},"modified":"2026-04-26T18:00:42","modified_gmt":"2026-04-26T21:00:42","slug":"roca","status":"publish","type":"page","link":"https:\/\/novo.cestaagroecologica.com.br\/?page_id=866","title":{"rendered":"RO\u00c7A"},"content":{"rendered":"\n<div class=\"wp-block-group alignfull is-layout-constrained wp-block-group-is-layout-constrained\" style=\"margin-top:0px;margin-bottom:0px\">\n<figure class=\"wp-block-image alignfull size-full\" style=\"margin-top:0px;margin-bottom:0px\"><img loading=\"lazy\" decoding=\"async\" width=\"1366\" height=\"769\" src=\"https:\/\/novo.cestaagroecologica.com.br\/wp-content\/uploads\/2026\/04\/ROCA-Recurso-Grafico-edited-1.png\" alt=\"\" class=\"wp-image-952\" srcset=\"https:\/\/novo.cestaagroecologica.com.br\/wp-content\/uploads\/2026\/04\/ROCA-Recurso-Grafico-edited-1.png 1366w, https:\/\/novo.cestaagroecologica.com.br\/wp-content\/uploads\/2026\/04\/ROCA-Recurso-Grafico-edited-1-300x169.png 300w, https:\/\/novo.cestaagroecologica.com.br\/wp-content\/uploads\/2026\/04\/ROCA-Recurso-Grafico-edited-1-1024x576.png 1024w, https:\/\/novo.cestaagroecologica.com.br\/wp-content\/uploads\/2026\/04\/ROCA-Recurso-Grafico-edited-1-768x432.png 768w\" sizes=\"auto, (max-width: 1366px) 100vw, 1366px\" \/><\/figure>\n\n\n\n<div class=\"wp-block-buttons has-palette-color-8-background-color has-background is-content-justification-center is-layout-flex wp-container-core-buttons-is-layout-a89b3969 wp-block-buttons-is-layout-flex\">\n<div class=\"wp-block-button\"><a class=\"wp-block-button__link wp-element-button\" href=\"https:\/\/play.google.com\/store\/apps\/details?id=com.soltec.roca&amp;hl=pt_BR\">BAIXE AGORA!<\/a><\/div>\n<\/div>\n<\/div>\n\n\n\n<div class=\"wp-block-group has-palette-color-8-background-color has-background is-layout-constrained wp-container-core-group-is-layout-ef38b79b wp-block-group-is-layout-constrained\" style=\"padding-top:4rem;padding-right:4rem;padding-bottom:4rem;padding-left:4rem\">\n<p>A experi\u00eancia acumulada pelo <a href=\"https:\/\/www.nides.ufrj.br\/index.php\/programas\/soltec\">SOLTEC\/UFRJ<\/a> no desenvolvimento de plataformas digitais voltadas ao MST evidenciou limites importantes das ferramentas centradas exclusivamente na comercializa\u00e7\u00e3o. A atua\u00e7\u00e3o do projeto TICDEMOS com o MST-RJ, iniciada em 2019 com a cria\u00e7\u00e3o de solu\u00e7\u00f5es digitais para a Feira Terra Crioula e, posteriormente, para o site do Armaz\u00e9m do Campo (AdC-Rio), revelou que, mesmo com canais de venda estruturados, a comercializa\u00e7\u00e3o permanecia condicionada a problemas recorrentes na oferta, como baixa diversidade, irregularidade e volume insuficiente de produtos. Esses entraves apontaram para a necessidade de uma solu\u00e7\u00e3o tecnol\u00f3gica capaz de atuar nas etapas anteriores da cadeia produtiva, especialmente no planejamento e no controle da produ\u00e7\u00e3o agr\u00edcola.<br><br>\u00c9 nesse contexto que emerge o Ro\u00e7a, concebido como um sistema de apoio ao planejamento, \u00e0 organiza\u00e7\u00e3o e ao acompanhamento da produ\u00e7\u00e3o na agricultura familiar. Diferentemente das plataformas voltadas apenas \u00e0 comercializa\u00e7\u00e3o, o Ro\u00e7a foi pensado como uma Tecnologia Social orientada \u00e0s din\u00e2micas produtivas dos assentamentos da reforma agr\u00e1ria, buscando integrar informa\u00e7\u00f5es desde o plantio at\u00e9 a colheita e a comercializa\u00e7\u00e3o. Sua constru\u00e7\u00e3o se deu no \u00e2mbito de projetos financiados por emenda parlamentar, desde setembro de 2023, juntamente com o projeto de extens\u00e3o TICDEMOS. O projeto tem se desenvolvido nos assentamentos Roseli Nunes e Terra da Paz, articulados pelo MST, no munic\u00edpio de Pira\u00ed da regi\u00e3o sul fluminense. Em particular, com o Coletivo Ala\u00edde Reis, criado em 2018 como resultado do trabalho cooperado entre fam\u00edlias assentadas, das localidades citadas, que, desde 2016, organizam-se para comercializar cestas de alimentos agroecol\u00f3gicos.<br><br>O Ro\u00e7a foi concebido em uma perspectiva de Software Livre: na qual o c\u00f3digo fica dispon\u00edvel para que todos tenham acesso para ler, modificar, usar e distribuir de forma livre (sem ter que pedir autoriza\u00e7\u00e3o) e gratuita; e tamb\u00e9m como movimento que defende que o software, assim como o conhecimento, deve ser sempre livre, distribu\u00eddo e gratuito (Silveira, 2004). Esse sistema foi modelado para abranger as etapas de reprodu\u00e7\u00e3o (produ\u00e7\u00e3o que n\u00e3o se torna mercadoria, voltada para o autoconsumo, trocas e doa\u00e7\u00f5es), produ\u00e7\u00e3o e log\u00edstica da cadeia produtiva da agricultura familiar, al\u00e9m de viabilizar o planejamento da participa\u00e7\u00e3o em pol\u00edticas p\u00fablicas como Programa de Aquisi\u00e7\u00e3o de Alimentos (PAA) e outras redes de comercializa\u00e7\u00e3o. Com isso, ele foi projetado para permitir que os(as) agricultores(as) registrassem todas as culturas plantadas, al\u00e9m de \u00e1rvores frut\u00edferas, produ\u00e7\u00e3o animal e outros itens relacionados. Al\u00e9m disso, idealizamos que o sistema tamb\u00e9m possibilite a atualiza\u00e7\u00e3o, em tempo real, das estimativas de produ\u00e7\u00e3o conforme ocorressem eventos ambientais, ajustando a previs\u00e3o de colheita em caso de seca, por exemplo. Ademais, seria necess\u00e1rio registrar tudo o que fosse colhido ou enviado para comercializa\u00e7\u00e3o (no caso de produtos de origem animal ou processados), incluindo seu destino final. Por fim, o sistema deve gerar relat\u00f3rios e permitir an\u00e1lises de demanda e oferta, facilitando o planejamento dos pr\u00f3ximos plantios, tanto em curto quanto em longo prazo.<br><br>Atualmente, o Ro\u00e7a j\u00e1 possibilita um acompanhamento produtivo parcial por meio da funcionalidade de \u201cpr\u00e9-colheita\u201d, tamb\u00e9m denominada \u201cLista das fam\u00edlias\u201d. Essa funcionalidade organiza os produtos dispon\u00edveis para colheita em curto prazo, digitalizando um processo anteriormente realizado de forma manual, baseado no levantamento direto com as fam\u00edlias e na confirma\u00e7\u00e3o dos pedidos. Ao sistematizar essas informa\u00e7\u00f5es, o Ro\u00e7a contribui para o fortalecimento da organiza\u00e7\u00e3o interna do coletivo e para a qualifica\u00e7\u00e3o dos processos de tomada de decis\u00e3o coletiva na comercializa\u00e7\u00e3o dos alimentos agroecol\u00f3gicos.<\/p>\n<\/div>\n\n\n\n<div class=\"wp-block-group is-layout-constrained wp-block-group-is-layout-constrained\" style=\"padding-top:2rem;padding-bottom:2rem\">\n<h2 class=\"wp-block-heading has-text-align-center\">Realiza\u00e7\u00f5es<\/h2>\n\n\n\n<div data-id=\"8f1a26e7\" class=\"wp-block-blocksy-query\"><style>[data-id='8f1a26e7'] {--grid-columns-width:3;}@media (max-width: 999.98px) {[data-id='8f1a26e7'] {--grid-columns-width:2;}}@media (max-width: 689.98px) {[data-id='8f1a26e7'] {--grid-columns-width:1;}}<\/style><\/div>\n<\/div>\n\n\n\n<div class=\"wp-block-group is-layout-constrained wp-block-group-is-layout-constrained\" style=\"padding-top:2rem;padding-bottom:2rem\">\n<h2 class=\"wp-block-heading has-text-align-center\">Documentos<\/h2>\n\n\n\n<div data-id=\"8f51ecb4\" class=\"wp-block-blocksy-query\"><style>[data-id='8f51ecb4'] {--grid-columns-width:3;}@media (max-width: 999.98px) {[data-id='8f51ecb4'] {--grid-columns-width:2;}}@media (max-width: 689.98px) {[data-id='8f51ecb4'] {--grid-columns-width:1;}}<\/style><\/div>\n<\/div>\n\n\n\n<div class=\"wp-block-group is-layout-constrained wp-block-group-is-layout-constrained\" style=\"padding-top:2rem;padding-bottom:2rem\">\n<h2 class=\"wp-block-heading has-text-align-center\">Refer\u00eancias<\/h2>\n\n\n\n<p>N\u00facleo Interdisciplinar para o Desenvolvimento Social (NIDES). <strong>Diagn\u00f3stico participativo para consolida\u00e7\u00e3o organizacional e produtiva dos territ\u00f3rios de assentamentos da reforma agr\u00e1ria na regi\u00e3o Sul Fluminense &#8211; Relat\u00f3rio da meta 1<\/strong>. Rio de Janeiro: UFRJ. 2024. Dispon\u00edvel em: <a href=\"https:\/\/drive.google.com\/file\/d\/1DjRph30uQDaR4DdjTGujSnvy3O29MDlt\/view?usp=drive_link\">https:\/\/drive.google.com\/file\/d\/1DjRph30uQDaR4DdjTGujSnvy3O29MDlt\/view?usp=drive_link<\/a><\/p>\n\n\n\n<p>N\u00facleo Interdisciplinar para o Desenvolvimento Social (NIDES). <strong>Diagn\u00f3stico participativo para consolida\u00e7\u00e3o organizacional e produtiva dos territ\u00f3rios de assentamentos da reforma agr\u00e1ria na regi\u00e3o Sul Fluminense &#8211; Relat\u00f3rio das metas 2 e 3<\/strong>. Rio de Janeiro: UFRJ. 2025. Dispon\u00edvel em: <a href=\"https:\/\/nides.ufrj.br\/images\/Imagens\/programas\/SOLTEC\/Emenda\/RelatorioEmendaSul_Meta2e3_baixa.pdf\">https:\/\/nides.ufrj.br\/images\/Imagens\/programas\/SOLTEC\/Emenda\/RelatorioEmendaSul_Meta2e3_baixa.pdf<\/a><\/p>\n<\/div>\n","protected":false},"excerpt":{"rendered":"<p>A experi\u00eancia acumulada pelo SOLTEC\/UFRJ no desenvolvimento de plataformas digitais voltadas ao MST evidenciou limites importantes das ferramentas centradas exclusivamente na comercializa\u00e7\u00e3o. A atua\u00e7\u00e3o do projeto TICDEMOS com o MST-RJ, iniciada em 2019 com a cria\u00e7\u00e3o de solu\u00e7\u00f5es digitais para a Feira Terra Crioula e, posteriormente, para o site do Armaz\u00e9m do Campo (AdC-Rio), revelou [&hellip;]<\/p>\n","protected":false},"author":1,"featured_media":942,"parent":0,"menu_order":0,"comment_status":"closed","ping_status":"closed","template":"","meta":{"_acf_changed":false,"footnotes":""},"class_list":["post-866","page","type-page","status-publish","has-post-thumbnail","hentry"],"blocksy_meta":[],"acf":[],"_links":{"self":[{"href":"https:\/\/novo.cestaagroecologica.com.br\/index.php?rest_route=\/wp\/v2\/pages\/866","targetHints":{"allow":["GET"]}}],"collection":[{"href":"https:\/\/novo.cestaagroecologica.com.br\/index.php?rest_route=\/wp\/v2\/pages"}],"about":[{"href":"https:\/\/novo.cestaagroecologica.com.br\/index.php?rest_route=\/wp\/v2\/types\/page"}],"author":[{"embeddable":true,"href":"https:\/\/novo.cestaagroecologica.com.br\/index.php?rest_route=\/wp\/v2\/users\/1"}],"replies":[{"embeddable":true,"href":"https:\/\/novo.cestaagroecologica.com.br\/index.php?rest_route=%2Fwp%2Fv2%2Fcomments&post=866"}],"version-history":[{"count":7,"href":"https:\/\/novo.cestaagroecologica.com.br\/index.php?rest_route=\/wp\/v2\/pages\/866\/revisions"}],"predecessor-version":[{"id":954,"href":"https:\/\/novo.cestaagroecologica.com.br\/index.php?rest_route=\/wp\/v2\/pages\/866\/revisions\/954"}],"wp:featuredmedia":[{"embeddable":true,"href":"https:\/\/novo.cestaagroecologica.com.br\/index.php?rest_route=\/wp\/v2\/media\/942"}],"wp:attachment":[{"href":"https:\/\/novo.cestaagroecologica.com.br\/index.php?rest_route=%2Fwp%2Fv2%2Fmedia&parent=866"}],"curies":[{"name":"wp","href":"https:\/\/api.w.org\/{rel}","templated":true}]}}